{"id":283,"date":"2024-10-29T06:23:34","date_gmt":"2024-10-29T06:23:34","guid":{"rendered":"http:\/\/www.incluverso-5g.es\/?page_id=283"},"modified":"2026-03-23T09:42:42","modified_gmt":"2026-03-23T09:42:42","slug":"prensa","status":"publish","type":"page","link":"http:\/\/www.incluverso-5g.es\/?page_id=283","title":{"rendered":"Prensa"},"content":{"rendered":"\n<div class=\"wp-block-media-text is-stacked-on-mobile\"><figure class=\"wp-block-media-text__media\"><img decoding=\"async\" loading=\"lazy\" width=\"624\" height=\"353\" src=\"http:\/\/www.incluverso-5g.es\/wp-content\/uploads\/2026\/02\/Picture1.jpg\" alt=\"\" class=\"wp-image-794 size-full\" srcset=\"http:\/\/www.incluverso-5g.es\/wp-content\/uploads\/2026\/02\/Picture1.jpg 624w, http:\/\/www.incluverso-5g.es\/wp-content\/uploads\/2026\/02\/Picture1-300x170.jpg 300w, http:\/\/www.incluverso-5g.es\/wp-content\/uploads\/2026\/02\/Picture1-230x130.jpg 230w, http:\/\/www.incluverso-5g.es\/wp-content\/uploads\/2026\/02\/Picture1-350x198.jpg 350w, http:\/\/www.incluverso-5g.es\/wp-content\/uploads\/2026\/02\/Picture1-480x272.jpg 480w\" sizes=\"(max-width: 624px) 100vw, 624px\" \/><\/figure><div class=\"wp-block-media-text__content\">\n<p><\/p>\n\n\n\n<h2 class=\"wp-block-heading\">Fundaci\u00f3n Juan XXIII y Nokia consolidan INCLUVERSO 5G con un nuevo caso de \u00e9xito<\/h2>\n\n\n\n<p><a href=\"https:\/\/www.corresponsables.com\/actualidad\/fundacion-juan-xxiii-y-nokia-consolidan-incluverso-5g-con-un-nuevo-caso-de-exito\/\">https:\/\/www.corresponsables.com\/actualidad\/fundacion-juan-xxiii-y-nokia-consolidan-incluverso-5g-con-un-nuevo-caso-de-exito\/<\/a><\/p>\n<\/div><\/div>\n\n\n\n<div class=\"wp-block-media-text is-stacked-on-mobile\"><figure class=\"wp-block-media-text__media\"><img decoding=\"async\" loading=\"lazy\" width=\"624\" height=\"353\" src=\"http:\/\/www.incluverso-5g.es\/wp-content\/uploads\/2026\/02\/Picture1.jpg\" alt=\"\" class=\"wp-image-794 size-full\" srcset=\"http:\/\/www.incluverso-5g.es\/wp-content\/uploads\/2026\/02\/Picture1.jpg 624w, http:\/\/www.incluverso-5g.es\/wp-content\/uploads\/2026\/02\/Picture1-300x170.jpg 300w, http:\/\/www.incluverso-5g.es\/wp-content\/uploads\/2026\/02\/Picture1-230x130.jpg 230w, http:\/\/www.incluverso-5g.es\/wp-content\/uploads\/2026\/02\/Picture1-350x198.jpg 350w, http:\/\/www.incluverso-5g.es\/wp-content\/uploads\/2026\/02\/Picture1-480x272.jpg 480w\" sizes=\"(max-width: 624px) 100vw, 624px\" \/><\/figure><div class=\"wp-block-media-text__content\">\n<p><\/p>\n\n\n\n<h2 class=\"wp-block-heading\">Cuando la tecnolog\u00eda tambi\u00e9n cuida: as\u00ed vivimos INCLUVERSO 5G<\/h2>\n\n\n\n<p><a href=\"https:\/\/www.kvisualmagazine.com\/2026\/03\/cuando-la-tecnologia-tambien-cuida-asi.html\">https:\/\/www.kvisualmagazine.com\/2026\/03\/cuando-la-tecnologia-tambien-cuida-asi.html<\/a><\/p>\n<\/div><\/div>\n\n\n\n<div class=\"wp-block-media-text is-stacked-on-mobile\"><figure class=\"wp-block-media-text__media\"><img decoding=\"async\" loading=\"lazy\" width=\"624\" height=\"353\" src=\"http:\/\/www.incluverso-5g.es\/wp-content\/uploads\/2026\/02\/Picture1.jpg\" alt=\"\" class=\"wp-image-794 size-full\" srcset=\"http:\/\/www.incluverso-5g.es\/wp-content\/uploads\/2026\/02\/Picture1.jpg 624w, http:\/\/www.incluverso-5g.es\/wp-content\/uploads\/2026\/02\/Picture1-300x170.jpg 300w, http:\/\/www.incluverso-5g.es\/wp-content\/uploads\/2026\/02\/Picture1-230x130.jpg 230w, http:\/\/www.incluverso-5g.es\/wp-content\/uploads\/2026\/02\/Picture1-350x198.jpg 350w, http:\/\/www.incluverso-5g.es\/wp-content\/uploads\/2026\/02\/Picture1-480x272.jpg 480w\" sizes=\"(max-width: 624px) 100vw, 624px\" \/><\/figure><div class=\"wp-block-media-text__content\">\n<p><\/p>\n\n\n\n<h2 class=\"wp-block-heading\">Fundaci\u00f3n Juan XXIII y Nokia prueban la teleformaci\u00f3n inmersiva para mejorar la empleabilidad<\/h2>\n\n\n\n<p><a href=\"https:\/\/www.redestelecom.es\/conectividad\/fundacion-juan-xxiii-y-nokia-prueban-la-teleformacion-inmersiva-para-mejorar-la-empleabilidad\/\" data-type=\"link\" data-id=\"https:\/\/ceapat.imserso.es\/detalle-actualidad\/-\/asset_publisher\/5ZKhsNsAAGu1\/content\/profesionales-del-ceapat-acuden-a-la-presentacion-del-proyecto-incluverso-5g-de-nokia\/20123\" target=\"_blank\" rel=\"noreferrer noopener\">https:\/\/www.redestelecom.es\/conectividad\/fundacion-juan-xxiii-y-nokia-prueban-la-teleformacion-inmersiva-para-mejorar-la-empleabilidad\/<\/a><\/p>\n<\/div><\/div>\n\n\n\n<div class=\"wp-block-media-text is-stacked-on-mobile\"><figure class=\"wp-block-media-text__media\"><img decoding=\"async\" loading=\"lazy\" width=\"624\" height=\"353\" src=\"http:\/\/www.incluverso-5g.es\/wp-content\/uploads\/2026\/02\/Picture1.jpg\" alt=\"\" class=\"wp-image-794 size-full\" srcset=\"http:\/\/www.incluverso-5g.es\/wp-content\/uploads\/2026\/02\/Picture1.jpg 624w, http:\/\/www.incluverso-5g.es\/wp-content\/uploads\/2026\/02\/Picture1-300x170.jpg 300w, http:\/\/www.incluverso-5g.es\/wp-content\/uploads\/2026\/02\/Picture1-230x130.jpg 230w, http:\/\/www.incluverso-5g.es\/wp-content\/uploads\/2026\/02\/Picture1-350x198.jpg 350w, http:\/\/www.incluverso-5g.es\/wp-content\/uploads\/2026\/02\/Picture1-480x272.jpg 480w\" sizes=\"(max-width: 624px) 100vw, 624px\" \/><\/figure><div class=\"wp-block-media-text__content\">\n<p><\/p>\n\n\n\n<h2 class=\"wp-block-heading\">Fundaci\u00f3n Juan XXIII y Nokia consolidan INCLUVERSO 5G con un nuevo caso de \u00e9xito<\/h2>\n\n\n\n<p><a href=\"https:\/\/www.indisa.es\/al-dia\/fundacion-juan-xxiii-nokia-consolidan-incluverso-5g-nuevo-caso\" data-type=\"link\" data-id=\"https:\/\/ceapat.imserso.es\/detalle-actualidad\/-\/asset_publisher\/5ZKhsNsAAGu1\/content\/profesionales-del-ceapat-acuden-a-la-presentacion-del-proyecto-incluverso-5g-de-nokia\/20123\" target=\"_blank\" rel=\"noreferrer noopener\">https:\/\/www.indisa.es\/al-dia\/fundacion-juan-xxiii-nokia-consolidan-incluverso-5g-nuevo-caso<\/a><\/p>\n<\/div><\/div>\n\n\n\n<div class=\"wp-block-media-text is-stacked-on-mobile\"><figure class=\"wp-block-media-text__media\"><img decoding=\"async\" loading=\"lazy\" width=\"2313\" height=\"600\" src=\"http:\/\/www.incluverso-5g.es\/wp-content\/uploads\/2026\/02\/logoceapat.jpg\" alt=\"\" class=\"wp-image-776 size-full\"\/><\/figure><div class=\"wp-block-media-text__content\">\n<p>Jornada INCLUVERSO 5G en Nokia<\/p>\n\n\n\n<p><a rel=\"noreferrer noopener\" href=\"https:\/\/ceapat.imserso.es\/detalle-actualidad\/-\/asset_publisher\/5ZKhsNsAAGu1\/content\/profesionales-del-ceapat-acuden-a-la-presentacion-del-proyecto-incluverso-5g-de-nokia\/20123\" data-type=\"link\" data-id=\"https:\/\/ceapat.imserso.es\/detalle-actualidad\/-\/asset_publisher\/5ZKhsNsAAGu1\/content\/profesionales-del-ceapat-acuden-a-la-presentacion-del-proyecto-incluverso-5g-de-nokia\/20123\" target=\"_blank\">Profesionales del Ceapat acuden a la presentaci\u00f3n del proyecto \u00abIncluverso 5G\u00bb de Nokia<\/a><\/p>\n<\/div><\/div>\n\n\n\n<div class=\"wp-block-media-text is-stacked-on-mobile\"><figure class=\"wp-block-media-text__media\"><img decoding=\"async\" loading=\"lazy\" width=\"1536\" height=\"865\" src=\"http:\/\/www.incluverso-5g.es\/wp-content\/uploads\/2025\/11\/Premios-Inmersiva-XR-2025-1536x865-1.png\" alt=\"\" class=\"wp-image-692 size-full\"\/><\/figure><div class=\"wp-block-media-text__content\">\n<p><a href=\"https:\/\/inmersivaxr.com\/premios-inmersiva-xr-25\">Premios INMERSIVA XR 2025 &#8211; Proyectos de Realidad Extendida<\/a><\/p>\n<\/div><\/div>\n\n\n\n<div class=\"wp-block-media-text is-stacked-on-mobile\"><figure class=\"wp-block-media-text__media\"><img decoding=\"async\" loading=\"lazy\" width=\"115\" height=\"104\" src=\"http:\/\/www.incluverso-5g.es\/wp-content\/uploads\/2025\/08\/logo_Bit.png\" alt=\"\" class=\"wp-image-562 size-full\"\/><\/figure><div class=\"wp-block-media-text__content\">\n<figure class=\"wp-block-embed is-type-wp-embed is-provider-bit wp-block-embed-bit\"><div class=\"wp-block-embed__wrapper\">\n<blockquote class=\"wp-embedded-content\" data-secret=\"oVAQaludkE\"><a href=\"https:\/\/bit.coit.es\/como-demostrar-que-el-realverso-puede-mejorar-la-vida-real-de-las-personas\/\">C\u00f3mo demostrar que el Realverso puede mejorar la vida real de las personas<\/a><\/blockquote><iframe class=\"wp-embedded-content\" sandbox=\"allow-scripts\" security=\"restricted\" style=\"position: absolute; clip: rect(1px, 1px, 1px, 1px);\" title=\"\u00abC\u00f3mo demostrar que el Realverso puede mejorar la vida real de las personas\u00bb \u2014 bit\" src=\"https:\/\/bit.coit.es\/como-demostrar-que-el-realverso-puede-mejorar-la-vida-real-de-las-personas\/embed\/#?secret=kegrAzAajb#?secret=oVAQaludkE\" data-secret=\"oVAQaludkE\" width=\"600\" height=\"338\" frameborder=\"0\" marginwidth=\"0\" marginheight=\"0\" scrolling=\"no\"><\/iframe>\n<\/div><\/figure>\n<\/div><\/div>\n\n\n\n<div class=\"wp-block-media-text is-stacked-on-mobile\"><figure class=\"wp-block-media-text__media\"><img decoding=\"async\" loading=\"lazy\" width=\"758\" height=\"359\" src=\"http:\/\/www.incluverso-5g.es\/wp-content\/uploads\/2026\/02\/Picture2.png\" alt=\"\" class=\"wp-image-803 size-full\" srcset=\"http:\/\/www.incluverso-5g.es\/wp-content\/uploads\/2026\/02\/Picture2.png 758w, http:\/\/www.incluverso-5g.es\/wp-content\/uploads\/2026\/02\/Picture2-300x142.png 300w, http:\/\/www.incluverso-5g.es\/wp-content\/uploads\/2026\/02\/Picture2-230x109.png 230w, http:\/\/www.incluverso-5g.es\/wp-content\/uploads\/2026\/02\/Picture2-350x166.png 350w, http:\/\/www.incluverso-5g.es\/wp-content\/uploads\/2026\/02\/Picture2-480x227.png 480w\" sizes=\"(max-width: 758px) 100vw, 758px\" \/><\/figure><div class=\"wp-block-media-text__content\">\n<p><\/p>\n\n\n\n<h2 class=\"wp-block-heading\">Fundaci\u00f3n Juan XXIII y Nokia avanzan en el proyecto Incluverso 5G de telepresencia inmersiva<\/h2>\n\n\n\n<p><a href=\"https:\/\/www.digitalavmagazine.com\/2026\/01\/05\/fundacion-juan-xxiii-nokia-avanzan-proyecto-incluverso-5g-telepresencia-inmersiva\/\" data-type=\"link\" data-id=\"https:\/\/ceapat.imserso.es\/detalle-actualidad\/-\/asset_publisher\/5ZKhsNsAAGu1\/content\/profesionales-del-ceapat-acuden-a-la-presentacion-del-proyecto-incluverso-5g-de-nokia\/20123\" target=\"_blank\" rel=\"noreferrer noopener\">https:\/\/www.digitalavmagazine.com\/2026\/01\/05\/fundacion-juan-xxiii-nokia-avanzan-proyecto-incluverso-5g-telepresencia-inmersiva\/<\/a><\/p>\n<\/div><\/div>\n\n\n\n<div class=\"wp-block-media-text is-stacked-on-mobile\"><figure class=\"wp-block-media-text__media\"><img decoding=\"async\" loading=\"lazy\" width=\"468\" height=\"263\" src=\"http:\/\/www.incluverso-5g.es\/wp-content\/uploads\/2026\/02\/Picture1-1.jpg\" alt=\"\" class=\"wp-image-808 size-full\" srcset=\"http:\/\/www.incluverso-5g.es\/wp-content\/uploads\/2026\/02\/Picture1-1.jpg 468w, http:\/\/www.incluverso-5g.es\/wp-content\/uploads\/2026\/02\/Picture1-1-300x169.jpg 300w, http:\/\/www.incluverso-5g.es\/wp-content\/uploads\/2026\/02\/Picture1-1-230x129.jpg 230w, http:\/\/www.incluverso-5g.es\/wp-content\/uploads\/2026\/02\/Picture1-1-350x197.jpg 350w\" sizes=\"(max-width: 468px) 100vw, 468px\" \/><\/figure><div class=\"wp-block-media-text__content\">\n<p><\/p>\n\n\n\n<h2 class=\"wp-block-heading\">INCLUVERSO 5G: terapia y realidad virtual para superar miedos<\/h2>\n\n\n\n<p><a href=\"https:\/\/www.redestelecom.es\/infraestructuras\/incluverso-5g-terapia-y-realidad-virtual-para-superar-miedos\/\" data-type=\"link\" data-id=\"https:\/\/ceapat.imserso.es\/detalle-actualidad\/-\/asset_publisher\/5ZKhsNsAAGu1\/content\/profesionales-del-ceapat-acuden-a-la-presentacion-del-proyecto-incluverso-5g-de-nokia\/20123\" target=\"_blank\" rel=\"noreferrer noopener\">https:\/\/www.redestelecom.es\/infraestructuras\/incluverso-5g-terapia-y-realidad-virtual-para-superar-miedos\/<\/a><\/p>\n<\/div><\/div>\n\n\n\n<div class=\"wp-block-media-text is-stacked-on-mobile\"><figure class=\"wp-block-media-text__media\"><img decoding=\"async\" loading=\"lazy\" width=\"196\" height=\"49\" src=\"http:\/\/www.incluverso-5g.es\/wp-content\/uploads\/2026\/01\/logo-DiarioSigloXXI.png\" alt=\"\" class=\"wp-image-749 size-full\"\/><\/figure><div class=\"wp-block-media-text__content\">\n<p><a href=\"https:\/\/www.diariosigloxxi.com\/texto-s\/mostrar\/633586\/fundacion-juan-xxiii-nokia-prueban-telepresencia-5g-supervisar-personas-discapacidad-intelectual\">https:\/\/www.diariosigloxxi.com\/texto-s\/mostrar\/633586\/fundacion-juan-xxiii-nokia-prueban-telepresencia-5g-supervisar-personas-discapacidad-intelectual<\/a>&nbsp;<\/p>\n<\/div><\/div>\n\n\n\n<div class=\"wp-block-media-text is-stacked-on-mobile\"><figure class=\"wp-block-media-text__media\"><img decoding=\"async\" loading=\"lazy\" width=\"242\" height=\"85\" src=\"http:\/\/www.incluverso-5g.es\/wp-content\/uploads\/2025\/01\/logo-original-colegio-enfermeria-murcia.png\" alt=\"\" class=\"wp-image-400 size-full\"\/><\/figure><div class=\"wp-block-media-text__content\">\n<p><strong>Expertos en IA y Realidad Virtual apuestan por el uso de las herramientas tecnol\u00f3gicas en los cuidados enfermeros<\/strong><\/p>\n\n\n\n<p><a href=\"https:\/\/enfermeriademurcia.org\/jornada-enfermeria-e-ia\/\">https:\/\/enfermeriademurcia.org\/jornada-enfermeria-e-ia\/<\/a><\/p>\n<\/div><\/div>\n\n\n\n<div class=\"wp-block-media-text is-stacked-on-mobile\"><figure class=\"wp-block-media-text__media\"><img decoding=\"async\" loading=\"lazy\" width=\"1141\" height=\"176\" src=\"http:\/\/www.incluverso-5g.es\/wp-content\/uploads\/2026\/01\/logo-eleconomista.png\" alt=\"\" class=\"wp-image-747 size-full\"\/><\/figure><div class=\"wp-block-media-text__content\">\n<p><a href=\"https:\/\/www.eleconomista.es\/actualidad\/amp\/13715138\/fundacion-juan-xxiii-y-nokia-prueban-la-telepresencia-5g-para-supervisar-a-personas-con-discapacidad-intelectual\">https:\/\/www.eleconomista.es\/actualidad\/amp\/13715138\/fundacion-juan-xxiii-y-nokia-prueban-la-telepresencia-5g-para-supervisar-a-personas-con-discapacidad-intelectual<\/a><\/p>\n<\/div><\/div>\n\n\n\n<div class=\"wp-block-media-text is-stacked-on-mobile\"><figure class=\"wp-block-media-text__media\"><img decoding=\"async\" loading=\"lazy\" width=\"196\" height=\"58\" src=\"http:\/\/www.incluverso-5g.es\/wp-content\/uploads\/2026\/01\/Logo-NoticiasDeSalud.png\" alt=\"\" class=\"wp-image-748 size-full\"\/><\/figure><div class=\"wp-block-media-text__content\">\n<p><a href=\"https:\/\/www.noticiasdesalud.es\/2026\/01\/05\/fundacion-juan-xxiii-y-nokia-llevan-a-cabo-pruebas-de-telepresencia-5g-para-la-supervision-de-individuos-con-discapacidad-intelectual\/\">https:\/\/www.noticiasdesalud.es\/2026\/01\/05\/fundacion-juan-xxiii-y-nokia-llevan-a-cabo-pruebas-de-telepresencia-5g-para-la-supervision-de-individuos-con-discapacidad-intelectual\/<\/a>&nbsp;<\/p>\n<\/div><\/div>\n\n\n\n<div class=\"wp-block-media-text is-stacked-on-mobile\"><figure class=\"wp-block-media-text__media\"><img decoding=\"async\" loading=\"lazy\" width=\"196\" height=\"27\" src=\"http:\/\/www.incluverso-5g.es\/wp-content\/uploads\/2026\/01\/logo-lasnoticiasde.png\" alt=\"\" class=\"wp-image-750 size-full\"\/><\/figure><div class=\"wp-block-media-text__content\">\n<p><a href=\"https:\/\/www.noticiasde.es\/espana\/fundacion-juan-xxiii-y-nokia-realizan-pruebas-de-telepresencia-5g-para-el-monitoreo-de-personas-con-discapacidad-intelectual\/\">https:\/\/www.noticiasde.es\/espana\/fundacion-juan-xxiii-y-nokia-realizan-pruebas-de-telepresencia-5g-para-el-monitoreo-de-personas-con-discapacidad-intelectual\/<\/a>&nbsp;<\/p>\n<\/div><\/div>\n\n\n\n<div class=\"wp-block-media-text is-stacked-on-mobile\"><figure class=\"wp-block-media-text__media\"><img decoding=\"async\" src=\"http:\/\/www.incluverso-5g.es\/wp-content\/uploads\/2025\/01\/biomedtech_main_logo-2.svg\" alt=\"\" class=\"wp-image-405 size-full\"\/><\/figure><div class=\"wp-block-media-text__content\">\n<p><\/p>\n\n\n\n<h2 class=\"wp-block-heading\">\u2018BIOMED&amp;TECH TALKS\u2019: \u00c9XITO DE AGENDA Y REUNIONES EN SU PRIMERA EDICI\u00d3N EN GRANADA<\/h2>\n\n\n\n<p><a href=\"https:\/\/biomedandtechtalks.com\/biomedtech-talks-exito-de-agenda-y-reuniones-en-su-primera-edicion-en-granada\/\">https:\/\/biomedandtechtalks.com\/biomedtech-talks-exito-de-agenda-y-reuniones-en-su-primera-edicion-en-granada\/<\/a><\/p>\n<\/div><\/div>\n\n\n\n<div class=\"wp-block-media-text is-stacked-on-mobile\"><figure class=\"wp-block-media-text__media\"><img decoding=\"async\" loading=\"lazy\" width=\"1024\" height=\"576\" src=\"http:\/\/www.incluverso-5g.es\/wp-content\/uploads\/2024\/11\/FUNDACION-JUAN-XXIII_INCLUVERSO-5G-1024x576.jpg-1.webp\" alt=\"\" class=\"wp-image-321 size-full\"\/><\/figure><div class=\"wp-block-media-text__content\">\n<p><\/p>\n\n\n\n<h2 class=\"wp-block-heading\">INCLUVERSO 5G: terapia y realidad virtual para superar miedos<\/h2>\n\n\n\n<p><a href=\"https:\/\/www.redestelecom.es\/infraestructuras\/incluverso-5g-terapia-y-realidad-virtual-para-superar-miedos\/\" data-type=\"link\" data-id=\"https:\/\/ieeexplore.ieee.org\/abstract\/document\/10178659?casa_token=K9SVLPFKeYIAAAAA:WnJbN6kZSUkElkgLYJSd4q0RnEj9gtyWHQ4y0vhvpMjbNnvpVWKnqDzk_hUM4SzgWslQ2z8cKkCZ\" target=\"_blank\" rel=\"noreferrer noopener\">https:\/\/www.redestelecom.es\/infraestructuras\/incluverso-5g-terapia-y-realidad-virtual-para-superar-miedos\/<\/a><\/p>\n<\/div><\/div>\n\n\n\n<div class=\"wp-block-media-text is-stacked-on-mobile\"><figure class=\"wp-block-media-text__media\"><img decoding=\"async\" loading=\"lazy\" width=\"204\" height=\"72\" src=\"http:\/\/www.incluverso-5g.es\/wp-content\/uploads\/2025\/01\/logo-fundacion-integra-1.png\" alt=\"\" class=\"wp-image-408 size-full\"\/><\/figure><div class=\"wp-block-media-text__content\">\n<p><\/p>\n\n\n\n<h2 class=\"wp-block-heading\">I Jornada de Enfermer\u00eda en la era de la IA y la realidad virtual<br><\/h2>\n\n\n\n<p><a href=\"https:\/\/www.f-integra.org\/noticias-TIC\/i-jornada-de-enfermeria-en-la-era-de-la-ia-y-la-realidad-virtual-41493\">https:\/\/www.f-integra.org\/noticias-TIC\/i-jornada-de-enfermeria-en-la-era-de-la-ia-y-la-realidad-virtual-41493<\/a><\/p>\n<\/div><\/div>\n\n\n\n<div class=\"wp-block-media-text is-stacked-on-mobile\"><figure class=\"wp-block-media-text__media\"><img decoding=\"async\" loading=\"lazy\" width=\"360\" height=\"200\" src=\"http:\/\/www.incluverso-5g.es\/wp-content\/uploads\/2025\/01\/logo-once.png\" alt=\"\" class=\"wp-image-409 size-full\"\/><\/figure><div class=\"wp-block-media-text__content\">\n<p><\/p>\n\n\n\n<h2 class=\"wp-block-heading\">DigitalES y Fundaci\u00f3n ONCE reconocen cinco proyectos tecnol\u00f3gicos para el fomento de la accesibilidad<\/h2>\n\n\n\n<p><a href=\"https:\/\/www.fundaciononce.es\/es\/comunicacion\/noticias\/digitales-y-fundacion-once-reconocen-cinco-proyectos-tecnologicos-para-el\">https:\/\/www.fundaciononce.es\/es\/comunicacion\/noticias\/digitales-y-fundacion-once-reconocen-cinco-proyectos-tecnologicos-para-el<\/a><\/p>\n<\/div><\/div>\n\n\n\n<div class=\"wp-block-media-text is-stacked-on-mobile\"><figure class=\"wp-block-media-text__media\"><img decoding=\"async\" loading=\"lazy\" width=\"800\" height=\"400\" src=\"http:\/\/www.incluverso-5g.es\/wp-content\/uploads\/2025\/01\/EventBrite-1.jpg\" alt=\"\" class=\"wp-image-407 size-full\"\/><\/figure><div class=\"wp-block-media-text__content\">\n<p><\/p>\n\n\n\n<h2 class=\"wp-block-heading\">VRDayValencia 2024: sum\u00e9rgete en la #Revoluci\u00f3nXR<\/h2>\n\n\n\n<p><a href=\"https:\/\/avre.tech\/vrdayvalencia-2024-sumergete-en-la-revolucionxr\/\">https:\/\/avre.tech\/vrdayvalencia-2024-sumergete-en-la-revolucionxr\/<\/a><\/p>\n<\/div><\/div>\n\n\n\n<div class=\"wp-block-media-text is-stacked-on-mobile\"><figure class=\"wp-block-media-text__media\"><img decoding=\"async\" loading=\"lazy\" width=\"157\" height=\"217\" src=\"http:\/\/www.incluverso-5g.es\/wp-content\/uploads\/2025\/01\/digital_es-logofooter.webp\" alt=\"\" class=\"wp-image-406 size-full\"\/><\/figure><div class=\"wp-block-media-text__content\">\n<p><\/p>\n\n\n\n<h2 class=\"wp-block-heading\">DigitalES y Fundaci\u00f3n ONCE reconocen cinco proyectos tecnol\u00f3gicos para el fomento de la accesibilidad<\/h2>\n\n\n\n<p><a href=\"https:\/\/www.digitales.es\/nota-de-prensa\/digitales-y-fundacion-once-reconocen-cinco-proyectos-tecnologicos-para-el-fomento-de-la-accesibilidad\/\">https:\/\/www.digitales.es\/nota-de-prensa\/digitales-y-fundacion-once-reconocen-cinco-proyectos-tecnologicos-para-el-fomento-de-la-accesibilidad\/<\/a><\/p>\n<\/div><\/div>\n\n\n\n<div class=\"wp-block-media-text is-stacked-on-mobile\"><figure class=\"wp-block-media-text__media\"><img decoding=\"async\" loading=\"lazy\" width=\"500\" height=\"504\" src=\"http:\/\/www.incluverso-5g.es\/wp-content\/uploads\/2024\/11\/publicpreview3.png\" alt=\"\" class=\"wp-image-315 size-full\"\/><\/figure><div class=\"wp-block-media-text__content\">\n<h2 class=\"wp-block-heading\">Semana de la Ciencia y la Innovaci\u00f3n en la ETSIT-UPM<\/h2>\n\n\n\n<p>Tecnolog\u00edas de realidad extendida para la inclusi\u00f3n de personas en situaci\u00f3n de vulnerabilidad<\/p>\n\n\n\n<p><a href=\"https:\/\/blogs.upm.es\/semanadelaciencia\/actividad\/tecnologias-de-realidad-extendida-para-la-inclusion-de-personas-en-situacion-de-vulnerabilidad-psicosocial\" data-type=\"link\" data-id=\"https:\/\/ieeexplore.ieee.org\/abstract\/document\/10178659?casa_token=K9SVLPFKeYIAAAAA:WnJbN6kZSUkElkgLYJSd4q0RnEj9gtyWHQ4y0vhvpMjbNnvpVWKnqDzk_hUM4SzgWslQ2z8cKkCZ\" target=\"_blank\" rel=\"noreferrer noopener\">https:\/\/blogs.upm.es\/semanadelaciencia\/actividad\/tecnologias-de-realidad-extendida-para-la-inclusion-de-personas-en-situacion-de-vulnerabilidad-psicosocial<\/a><\/p>\n<\/div><\/div>\n\n\n\n<div class=\"wp-block-media-text is-stacked-on-mobile\"><figure class=\"wp-block-media-text__media\"><img decoding=\"async\" loading=\"lazy\" width=\"388\" height=\"92\" src=\"http:\/\/www.incluverso-5g.es\/wp-content\/uploads\/2025\/09\/Logo-InnovaSpain.jpg\" alt=\"\" class=\"wp-image-607 size-full\"\/><\/figure><div class=\"wp-block-media-text__content\">\n<p>INCLUVERSO 5G, el escenario donde el miedo a las escaleras desaparece<\/p>\n\n\n\n<p><a href=\"https:\/\/www.innovaspain.com\/incluverso-5g-fundacion-juan-xxiii-nokia\/  \">https:\/\/www.innovaspain.com\/incluverso-5g-fundacion-juan-xxiii-nokia\/  <\/a><\/p>\n<\/div><\/div>\n\n\n\n<div class=\"wp-block-media-text is-stacked-on-mobile\"><figure class=\"wp-block-media-text__media\"><img decoding=\"async\" loading=\"lazy\" width=\"1040\" height=\"100\" src=\"http:\/\/www.incluverso-5g.es\/wp-content\/uploads\/2025\/08\/logo-zonamovilidad-2.png\" alt=\"\" class=\"wp-image-567 size-full\"\/><\/figure><div class=\"wp-block-media-text__content\">\n<p><a href=\"https:\/\/www.zonamovilidad.es\/fundacion-juan-xxiii-nokia-incluverso-5g-revolucionar-terapia-personas-discapacidad-intelectual\">La Fundaci\u00f3n Juan XXIII y Nokia lanzan INCLUVERSO 5G para revolucionar la terapia para personas con discapacidad intelectual<\/a><\/p>\n<\/div><\/div>\n\n\n\n<p><\/p>\n\n\n\n<div class=\"wp-block-media-text is-stacked-on-mobile\"><figure class=\"wp-block-media-text__media\"><img decoding=\"async\" loading=\"lazy\" width=\"177\" height=\"40\" src=\"http:\/\/www.incluverso-5g.es\/wp-content\/uploads\/2025\/08\/logo-silicon.png\" alt=\"\" class=\"wp-image-570 size-full\"\/><\/figure><div class=\"wp-block-media-text__content\">\n<p><\/p>\n\n\n\n<p><a href=\"https:\/\/www.silicon.es\/tecnologia-inclusiva-capacidades-diferentes-2561868\">https:\/\/www.silicon.es\/tecnologia-inclusiva-capacidades-diferentes-2561868<\/a><\/p>\n<\/div><\/div>\n\n\n\n<div class=\"wp-block-media-text is-stacked-on-mobile\"><figure class=\"wp-block-media-text__media\"><img decoding=\"async\" loading=\"lazy\" width=\"156\" height=\"33\" src=\"http:\/\/www.incluverso-5g.es\/wp-content\/uploads\/2025\/08\/LOGO_COMPUTING_COLOR_1200px-156x33.png.webp\" alt=\"\" class=\"wp-image-573 size-full\"\/><\/figure><div class=\"wp-block-media-text__content\">\n<p><\/p>\n\n\n\n<p><a href=\"https:\/\/www.computing.es\/mundo-digital\/digitales-y-fundacion-once-reconocen-cinco-proyectos-tic-para-impulsar-la-accesibilidad\/\">DigitalES y Fundaci\u00f3n ONCE reconocen cinco proyectos TIC para impulsar la accesibilidad-la-accesibilidad\/<\/a><\/p>\n<\/div><\/div>\n\n\n\n<div class=\"wp-block-media-text is-stacked-on-mobile\"><figure class=\"wp-block-media-text__media\"><img decoding=\"async\" loading=\"lazy\" width=\"406\" height=\"121\" src=\"http:\/\/www.incluverso-5g.es\/wp-content\/uploads\/2025\/09\/logo-Balance-SocioSanitario.jpg\" alt=\"\" class=\"wp-image-605 size-full\"\/><\/figure><div class=\"wp-block-media-text__content\">\n<p><\/p>\n\n\n\n<p><a href=\"https:\/\/balancesociosanitario.com\/actualidad\/el-ceapat-aborda-la-inclusion-de-las-personas-mayores\/\">CEAPAT re\u00fane a expertos en inteligencia artificial, rob\u00f3tica y realidad virtual para abordar los retos de la inclusi\u00f3n<\/a><\/p>\n<\/div><\/div>\n\n\n\n<div class=\"wp-block-media-text is-stacked-on-mobile\"><figure class=\"wp-block-media-text__media\"><img decoding=\"async\" loading=\"lazy\" width=\"954\" height=\"143\" src=\"http:\/\/www.incluverso-5g.es\/wp-content\/uploads\/2025\/09\/Logo-Presura.jpg\" alt=\"\" class=\"wp-image-614 size-full\"\/><\/figure><div class=\"wp-block-media-text__content\">\n<p><a href=\"https:\/\/repoblacion.es\/agora-2023.pdf\">https:\/\/repoblacion.es\/agora-2023.pdf<\/a><\/p>\n<\/div><\/div>\n\n\n\n<div class=\"wp-block-media-text is-stacked-on-mobile\"><figure class=\"wp-block-media-text__media\"><img decoding=\"async\" loading=\"lazy\" width=\"900\" height=\"219\" src=\"http:\/\/www.incluverso-5g.es\/wp-content\/uploads\/2025\/11\/logo-ciec-madrid-min.png\" alt=\"\" class=\"wp-image-695 size-full\"\/><\/figure><div class=\"wp-block-media-text__content\">\n<figure class=\"wp-block-embed is-type-wp-embed is-provider-ciec-madrid wp-block-embed-ciec-madrid\"><div class=\"wp-block-embed__wrapper\">\nhttps:\/\/ciecmadrid.es\/fablab-ciec-madrid-organiza-el-iii-encuentro-iberoamericano-de-fablabs-catalizando-futuros\/\n<\/div><figcaption class=\"wp-element-caption\"><a href=\"https:\/\/ciecmadrid.es\/fablab-ciec-madrid-organiza-el-iii-encuentro-iberoamericano-de-fablabs-catalizando-futuros\/\">https:\/\/ciecmadrid.es\/fablab-ciec-madrid-organiza-el-iii-encuentro-iberoamericano-de-fablabs-catalizando-futuros\/<\/a><\/figcaption><\/figure>\n\n\n\n<p><\/p>\n<\/div><\/div>\n\n\n\n<div class=\"wp-block-media-text is-stacked-on-mobile\"><figure class=\"wp-block-media-text__media\"><img decoding=\"async\" loading=\"lazy\" width=\"319\" height=\"202\" src=\"http:\/\/www.incluverso-5g.es\/wp-content\/uploads\/2025\/12\/logo-APM.jpg\" alt=\"\" class=\"wp-image-699 size-full\"\/><\/figure><div class=\"wp-block-media-text__content\">\n<p><a href=\"https:\/\/www.apmadrid.es\/comunicado\/la-apm-organiza-el-22-de-diciembre-incluverso-5g-donde-la-tecnologia-facilita-la-vida-de-las-personas\/\">https:\/\/www.apmadrid.es\/comunicado\/la-apm-organiza-el-22-de-diciembre-incluverso-5g-donde-la-tecnologia-facilita-la-vida-de-las-personas\/<\/a><\/p>\n<\/div><\/div>\n\n\n\n<div class=\"wp-block-media-text is-stacked-on-mobile\"><figure class=\"wp-block-media-text__media\"><img decoding=\"async\" loading=\"lazy\" width=\"319\" height=\"202\" src=\"http:\/\/www.incluverso-5g.es\/wp-content\/uploads\/2025\/12\/logo-APM.jpg\" alt=\"\" class=\"wp-image-699 size-full\"\/><\/figure><div class=\"wp-block-media-text__content\">\n<p><\/p>\n\n\n\n<p><a href=\"https:\/\/www.apmadrid.es\/comunicado\/celebrada-en-la-apm-la-actividad-ludico-educativa-incluverso-5g-donde-la-tecnologia-facilita-la-vida-de-las-personas\/\">https:\/\/www.apmadrid.es\/comunicado\/celebrada-en-la-apm-la-actividad-ludico-educativa-incluverso-5g-donde-la-tecnologia-facilita-la-vida-de-las-personas\/<\/a><\/p>\n<\/div><\/div>\n\n\n\n<div class=\"wp-block-media-text is-stacked-on-mobile\"><figure class=\"wp-block-media-text__media\"><img decoding=\"async\" loading=\"lazy\" width=\"1024\" height=\"234\" src=\"http:\/\/www.incluverso-5g.es\/wp-content\/uploads\/2025\/12\/logo-elperiodicodigital-1024x234-2.png\" alt=\"\" class=\"wp-image-739 size-full\"\/><\/figure><div class=\"wp-block-media-text__content\">\n<figure class=\"wp-block-embed is-type-wp-embed is-provider-elperiodico-digital wp-block-embed-elperiodico-digital\"><div class=\"wp-block-embed__wrapper\">\n<blockquote class=\"wp-embedded-content\" data-secret=\"vnQTfyrGb2\"><a href=\"https:\/\/www.elperiodico.digital\/tecnologia\/incluverso-5g-en-la-apm-la-tecnologia-que-hace-mas-facil-lo-cotidiano-313081.html\">Incluverso 5G en la APM: la tecnolog\u00eda que hace m\u00e1s f\u00e1cil lo cotidiano<\/a><\/blockquote><iframe class=\"wp-embedded-content\" sandbox=\"allow-scripts\" security=\"restricted\" style=\"position: absolute; clip: rect(1px, 1px, 1px, 1px);\" title=\"\u00abIncluverso 5G en la APM: la tecnolog\u00eda que hace m\u00e1s f\u00e1cil lo cotidiano\u00bb \u2014 ElPeriodico.digital\" src=\"https:\/\/www.elperiodico.digital\/tecnologia\/incluverso-5g-en-la-apm-la-tecnologia-que-hace-mas-facil-lo-cotidiano-313081.html\/embed#?secret=UoUlWvtsLp#?secret=vnQTfyrGb2\" data-secret=\"vnQTfyrGb2\" width=\"600\" height=\"338\" frameborder=\"0\" marginwidth=\"0\" marginheight=\"0\" scrolling=\"no\"><\/iframe>\n<\/div><\/figure>\n<\/div><\/div>\n\n\n\n<div class=\"wp-block-media-text is-stacked-on-mobile\"><figure class=\"wp-block-media-text__media\"><img decoding=\"async\" loading=\"lazy\" width=\"1145\" height=\"286\" src=\"http:\/\/www.incluverso-5g.es\/wp-content\/uploads\/2026\/01\/logo-GNDIario.png\" alt=\"\" class=\"wp-image-744 size-full\"\/><\/figure><div class=\"wp-block-media-text__content\">\n<p><a href=\"https:\/\/www.gndiario.com\/redes-5g-inclusion-tecnologica-personas-discapacidad\" target=\"_blank\" rel=\"noreferrer noopener\">Las redes 5G permiten una vida m\u00e1s independiente a personas con discapacidad<\/a><\/p>\n<\/div><\/div>\n\n\n\n<div class=\"wp-block-media-text is-stacked-on-mobile\"><figure class=\"wp-block-media-text__media\"><img decoding=\"async\" loading=\"lazy\" width=\"166\" height=\"28\" src=\"http:\/\/www.incluverso-5g.es\/wp-content\/uploads\/2026\/01\/logo-EuropaPress.png\" alt=\"\" class=\"wp-image-743 size-full\"\/><\/figure><div class=\"wp-block-media-text__content\">\n<p><a rel=\"noreferrer noopener\" href=\"https:\/\/www.europapress.es\/epsocial\/responsables\/noticia-nokia-fundacion-juan-xxiii-ayudan-personas-discapacidad-intelectual-enfermedad-mental-incluverso-5g-20260107134134.html\" target=\"_blank\">https:\/\/www.europapress.es\/epsocial\/responsables\/noticia-nokia-fundacion-juan-xxiii-ayudan-personas-discapacidad-intelectual-enfermedad-mental-incluverso-5g-20260107134134.html<\/a><\/p>\n<\/div><\/div>\n\n\n\n<div class=\"wp-block-media-text is-stacked-on-mobile\"><figure class=\"wp-block-media-text__media\"><img decoding=\"async\" loading=\"lazy\" width=\"412\" height=\"96\" src=\"http:\/\/www.incluverso-5g.es\/wp-content\/uploads\/2026\/01\/logo-servimedia.png\" alt=\"\" class=\"wp-image-742 size-full\"\/><\/figure><div class=\"wp-block-media-text__content\">\n<p><a href=\"https:\/\/www.servimedia.es\/noticias\/fundacion-juan-xxiii-nokia-prueban-telepresencia-5g-para-supervisar-personas-discapacidad-intelectual\/1412619506\" target=\"_blank\" rel=\"noreferrer noopener\">Fundaci\u00f3n Juan XXIII y Nokia prueban la telepresencia 5G para supervisar a personas con discapacidad intelectual<\/a><\/p>\n<\/div><\/div>\n\n\n\n<div class=\"wp-block-media-text is-stacked-on-mobile\"><figure class=\"wp-block-media-text__media\"><img decoding=\"async\" loading=\"lazy\" width=\"240\" height=\"68\" src=\"http:\/\/www.incluverso-5g.es\/wp-content\/uploads\/2026\/02\/cropped-logo-kh-7-de-pdf-OK-2.jpg\" alt=\"\" class=\"wp-image-805 size-full\" srcset=\"http:\/\/www.incluverso-5g.es\/wp-content\/uploads\/2026\/02\/cropped-logo-kh-7-de-pdf-OK-2.jpg 240w, http:\/\/www.incluverso-5g.es\/wp-content\/uploads\/2026\/02\/cropped-logo-kh-7-de-pdf-OK-2-230x65.jpg 230w\" sizes=\"(max-width: 240px) 100vw, 240px\" \/><\/figure><div class=\"wp-block-media-text__content\">\n<p><a href=\"https:\/\/telecomkh.info\/?p=18938\" target=\"_blank\" rel=\"noreferrer noopener\">FUNDACI\u00d3N JUAN XXIII y Nokia ponen en marcha INCLUVERSO 5G, un proyecto que combina terapia y realidad virtual<\/a><\/p>\n<\/div><\/div>\n\n\n\n<div class=\"wp-block-media-text is-stacked-on-mobile\"><figure class=\"wp-block-media-text__media\"><img decoding=\"async\" loading=\"lazy\" width=\"492\" height=\"131\" src=\"http:\/\/www.incluverso-5g.es\/wp-content\/uploads\/2024\/11\/logo-semana-ciencia-innovacion.png\" alt=\"\" class=\"wp-image-334 size-full\"\/><\/figure><div class=\"wp-block-media-text__content\">\n<p><\/p>\n\n\n\n<h2 class=\"wp-block-heading\">Semana de la Ciencia y la Innovaci\u00f3n, madri+d<\/h2>\n\n\n\n<p>Tecnolog\u00edas de realidad extendida para la inclusi\u00f3n de personas en situaci\u00f3n de vulnerabilidad<\/p>\n\n\n\n<p><a rel=\"noreferrer noopener\" href=\"https:\/\/www.madrimasd.org\/semanaciencia2024\/actividad\/tecnologias-de-realidad-extendida-para-la-inclusion-de-personas-en-situacion-de\" data-type=\"link\" data-id=\"https:\/\/ieeexplore.ieee.org\/abstract\/document\/10178659?casa_token=K9SVLPFKeYIAAAAA:WnJbN6kZSUkElkgLYJSd4q0RnEj9gtyWHQ4y0vhvpMjbNnvpVWKnqDzk_hUM4SzgWslQ2z8cKkCZ\" target=\"_blank\">https:\/\/www.madrimasd.org\/semanaciencia2024\/actividad\/tecnologias-de-realidad-extendida-para-la-inclusion-de-personas-en-situacion-de<\/a><\/p>\n<\/div><\/div>\n\n\n\n<div class=\"wp-block-media-text is-stacked-on-mobile\"><figure class=\"wp-block-media-text__media\"><img decoding=\"async\" loading=\"lazy\" width=\"1024\" height=\"576\" src=\"http:\/\/www.incluverso-5g.es\/wp-content\/uploads\/2024\/11\/FUNDACION-JUAN-XXIII_INCLUVERSO-5G-1024x576.jpg.webp\" alt=\"\" class=\"wp-image-318 size-full\"\/><\/figure><div class=\"wp-block-media-text__content\">\n<h2 class=\"wp-block-heading\">FUNDACI\u00d3N JUAN XXIII y Nokia ponen en marcha INCLUVERSO 5G, un proyecto que combina terapia y realidad virtual<\/h2>\n\n\n\n<p><a href=\"https:\/\/telecomkh.info\/?p=18938\" data-type=\"link\" data-id=\"https:\/\/ieeexplore.ieee.org\/abstract\/document\/10178659?casa_token=K9SVLPFKeYIAAAAA:WnJbN6kZSUkElkgLYJSd4q0RnEj9gtyWHQ4y0vhvpMjbNnvpVWKnqDzk_hUM4SzgWslQ2z8cKkCZ\" target=\"_blank\" rel=\"noreferrer noopener\">https:\/\/telecomkh.info\/?p=18938<\/a><\/p>\n<\/div><\/div>\n\n\n\n<div class=\"wp-block-media-text is-stacked-on-mobile\"><figure class=\"wp-block-media-text__media\"><img decoding=\"async\" loading=\"lazy\" width=\"1024\" height=\"815\" src=\"http:\/\/www.incluverso-5g.es\/wp-content\/uploads\/2024\/11\/expansion-de-la-realidad-virtual.jpg.webp\" alt=\"\" class=\"wp-image-319 size-full\"\/><\/figure><div class=\"wp-block-media-text__content\">\n<p><\/p>\n\n\n\n<h2 class=\"wp-block-heading\">INCLUVERSO 5G: terapia y realidad virtual para superar miedos<\/h2>\n\n\n\n<p><a href=\"https:\/\/revistabyte.es\/actualidad-it\/incluverso-5g\/\" data-type=\"link\" data-id=\"https:\/\/ieeexplore.ieee.org\/abstract\/document\/10178659?casa_token=K9SVLPFKeYIAAAAA:WnJbN6kZSUkElkgLYJSd4q0RnEj9gtyWHQ4y0vhvpMjbNnvpVWKnqDzk_hUM4SzgWslQ2z8cKkCZ\" target=\"_blank\" rel=\"noreferrer noopener\">https:\/\/revistabyte.es\/actualidad-it\/incluverso-5g\/<\/a><\/p>\n<\/div><\/div>\n","protected":false},"excerpt":{"rendered":"<p>Fundaci\u00f3n Juan XXIII y Nokia consolidan INCLUVERSO 5G con un nuevo caso de \u00e9xito https:\/\/www.corresponsables.com\/actualidad\/fundacion-juan-xxiii-y-nokia-consolidan-incluverso-5g-con-un-nuevo-caso-de-exito\/ Cuando la tecnolog\u00eda tambi\u00e9n cuida: as\u00ed vivimos [&hellip;]<\/p>\n","protected":false},"author":1,"featured_media":0,"parent":0,"menu_order":0,"comment_status":"closed","ping_status":"closed","template":"","meta":{"footnotes":""},"_links":{"self":[{"href":"http:\/\/www.incluverso-5g.es\/index.php?rest_route=\/wp\/v2\/pages\/283"}],"collection":[{"href":"http:\/\/www.incluverso-5g.es\/index.php?rest_route=\/wp\/v2\/pages"}],"about":[{"href":"http:\/\/www.incluverso-5g.es\/index.php?rest_route=\/wp\/v2\/types\/page"}],"author":[{"embeddable":true,"href":"http:\/\/www.incluverso-5g.es\/index.php?rest_route=\/wp\/v2\/users\/1"}],"replies":[{"embeddable":true,"href":"http:\/\/www.incluverso-5g.es\/index.php?rest_route=%2Fwp%2Fv2%2Fcomments&post=283"}],"version-history":[{"count":58,"href":"http:\/\/www.incluverso-5g.es\/index.php?rest_route=\/wp\/v2\/pages\/283\/revisions"}],"predecessor-version":[{"id":819,"href":"http:\/\/www.incluverso-5g.es\/index.php?rest_route=\/wp\/v2\/pages\/283\/revisions\/819"}],"wp:attachment":[{"href":"http:\/\/www.incluverso-5g.es\/index.php?rest_route=%2Fwp%2Fv2%2Fmedia&parent=283"}],"curies":[{"name":"wp","href":"https:\/\/api.w.org\/{rel}","templated":true}]}}